{"id":99,"date":"2018-08-01T08:57:39","date_gmt":"2018-08-01T06:57:39","guid":{"rendered":"http:\/\/florian-pleszew.pl\/?page_id=99"},"modified":"2019-03-01T12:48:02","modified_gmt":"2019-03-01T11:48:02","slug":"proboszczowie","status":"publish","type":"page","link":"https:\/\/florian-pleszew.pl\/?page_id=99","title":{"rendered":"Proboszcz"},"content":{"rendered":"<p><strong><img loading=\"lazy\" decoding=\"async\" class=\"wp-image-156 alignleft\" src=\"http:\/\/florian-pleszew.pl\/wp-content\/uploads\/2018\/08\/ks-krzysztof.jpg\" alt=\"\" width=\"159\" height=\"159\" srcset=\"https:\/\/florian-pleszew.pl\/wp-content\/uploads\/2018\/08\/ks-krzysztof.jpg 200w, https:\/\/florian-pleszew.pl\/wp-content\/uploads\/2018\/08\/ks-krzysztof-150x150.jpg 150w\" sizes=\"auto, (max-width: 159px) 100vw, 159px\" \/><\/strong><strong>Ksi\u0105dz Kanonik \u00a0 \u00a0mgr Krzysztof Guzia\u0142ek\u00a0<\/strong><\/p>\n<p><strong>Kap\u0142a\u0144stwo<\/strong><\/p>\n<p>Data \u015bwi\u0119ce\u0144 kap\u0142a\u0144skich: 1988-06-04<\/p>\n<p>Biskup wy\u015bwi\u0119caj\u0105cy: Ks. Kardyna\u0142 J\u00f3zef Glemp Prymas Polski<\/p>\n<p><strong>Poprzednie parafie:<\/strong><\/p>\n<p>Wikariusz Parafii B\u0142. Kr\u00f3lowej\u00a0 Jadwigi we Wrze\u015bni<br \/>\nWikariusz Parafii Naj\u015bwi\u0119tszego Zbawiciela w Pleszewie<br \/>\nWikariusz Parafii \u015aci\u0119cia \u015aw. Jana Chrzciciela w Pleszewie<br \/>\nRezydent Parafii Mi\u0142osierdzia Bo\u017cego w Ostrowie Wielkopolskim<br \/>\nProboszcz Parafii Chrystusa Kr\u00f3la w Chojniku<br \/>\nProboszcz Parafii \u015awi\u0119tego Floriana w Pleszewie<\/p>\n<p><strong>Biografia:<br \/>\n<\/strong>Urodzony 23\u00a0wrze\u015bnia\u00a01962 roku w\u00a0Gnie\u017anie.\u00a0Pierwszy Asystent Katolickiego Stowarzyszenia M\u0142odzie\u017cy Diecezji Kaliskiej. Kapelan Pleszewskiego Bractwa Kurkowego. W 2017 roku biskup kaliski Edward Janiak mianowa\u0142 ks. Krzysztofa Kanonikiem Honorowym Kapitu\u0142y Kolegiackiej w Kaliszu. Od 2 lipca 2018 proboszcz parafii \u015bw. Floriana w Pleszewie.<\/p>\n","protected":false},"excerpt":{"rendered":"<p>Ksi\u0105dz Kanonik \u00a0 \u00a0mgr Krzysztof Guzia\u0142ek\u00a0 Kap\u0142a\u0144stwo Data \u015bwi\u0119ce\u0144 kap\u0142a\u0144skich: 1988-06-04 Biskup wy\u015bwi\u0119caj\u0105cy: Ks. Kardyna\u0142 J\u00f3zef Glemp Prymas Polski Poprzednie parafie: Wikariusz Parafii B\u0142. Kr\u00f3lowej\u00a0 Jadwigi we Wrze\u015bni Wikariusz Parafii Naj\u015bwi\u0119tszego Zbawiciela w Pleszewie Wikariusz Parafii \u015aci\u0119cia \u015aw. Jana Chrzciciela w Pleszewie Rezydent Parafii Mi\u0142osierdzia Bo\u017cego w Ostrowie Wielkopolskim Proboszcz Parafii Chrystusa Kr\u00f3la w Chojniku<a class=\"moretag\" href=\"https:\/\/florian-pleszew.pl\/?page_id=99\"><span class=\"screen-reader-text\">Wi\u0119cej oProboszcz<\/span>[&#8230;]<\/a><\/p>\n","protected":false},"author":1,"featured_media":0,"parent":97,"menu_order":0,"comment_status":"closed","ping_status":"closed","template":"","meta":{"footnotes":""},"class_list":["post-99","page","type-page","status-publish","hentry"],"_links":{"self":[{"href":"https:\/\/florian-pleszew.pl\/index.php?rest_route=\/wp\/v2\/pages\/99","targetHints":{"allow":["GET"]}}],"collection":[{"href":"https:\/\/florian-pleszew.pl\/index.php?rest_route=\/wp\/v2\/pages"}],"about":[{"href":"https:\/\/florian-pleszew.pl\/index.php?rest_route=\/wp\/v2\/types\/page"}],"author":[{"embeddable":true,"href":"https:\/\/florian-pleszew.pl\/index.php?rest_route=\/wp\/v2\/users\/1"}],"replies":[{"embeddable":true,"href":"https:\/\/florian-pleszew.pl\/index.php?rest_route=%2Fwp%2Fv2%2Fcomments&post=99"}],"version-history":[{"count":10,"href":"https:\/\/florian-pleszew.pl\/index.php?rest_route=\/wp\/v2\/pages\/99\/revisions"}],"predecessor-version":[{"id":405,"href":"https:\/\/florian-pleszew.pl\/index.php?rest_route=\/wp\/v2\/pages\/99\/revisions\/405"}],"up":[{"embeddable":true,"href":"https:\/\/florian-pleszew.pl\/index.php?rest_route=\/wp\/v2\/pages\/97"}],"wp:attachment":[{"href":"https:\/\/florian-pleszew.pl\/index.php?rest_route=%2Fwp%2Fv2%2Fmedia&parent=99"}],"curies":[{"name":"wp","href":"https:\/\/api.w.org\/{rel}","templated":true}]}}