{"id":29,"date":"2018-07-06T11:08:44","date_gmt":"2018-07-06T09:08:44","guid":{"rendered":"http:\/\/florian-pleszew.pl\/?page_id=29"},"modified":"2018-08-01T15:59:59","modified_gmt":"2018-08-01T13:59:59","slug":"o-patronie","status":"publish","type":"page","link":"https:\/\/florian-pleszew.pl\/?page_id=29","title":{"rendered":"O Patronie"},"content":{"rendered":"<p><strong>\u00a0\u00a0\u00a0\u00a0\u00a0\u00a0\u00a0\u00a0\u00a0\u00a0\u00a0\u00a0\u00a0\u00a0 \u015awi\u0119ty Florian<\/strong>\u00a0by\u0142 urz\u0119dnikiem cesarskim w prowincji rzymskiej Noricum (dzisiaj \u015brodkowa Austria), kt\u00f3ry poni\u00f3s\u0142 \u015bmier\u0107 m\u0119cze\u0144sk\u0105 w 304 r., najprawdopodobniej 4 maja.<\/p>\n<p>\u015awi\u0119ty Florian znany jest g\u0142\u00f3wnie jako patron stra\u017cak\u00f3w. Dnia 4 maja, kiedy to przypada jego wspomnienie, w ko\u015bcio\u0142ach odbywaj\u0105 si\u0119 barwne msze, kt\u00f3re cz\u0119sto swoj\u0105 obecno\u015bci\u0105 u\u015bwietniaj\u0105 orkiestry d\u0119te oraz hufce ludzi walcz\u0105cych z ogniem i innymi niebezpiecze\u0144stwami. W Polsce kult tego \u015bwi\u0119tego jest szczeg\u00f3lnie rozwini\u0119ty, o czym mog\u0105 \u015bwiadczy\u0107 liczne figurki znajduj\u0105ce si\u0119 w miastach. Stawiano je g\u0142\u00f3wnie po to, by ten m\u0119czennik chroni\u0142 budynki przed szczeg\u00f3lnie niebezpiecznymi w dawnych czasach po\u017carami.<\/p>\n<p>\u015awi\u0119ty Florian urodzi\u0142 si\u0119 ok. 250 r. n.e. w Zeiselmauer (dzisiejsza dolna Austria). W m\u0142odo\u015bci zosta\u0142 wcielony do armii cesarza Dioklecjana i zajmowa\u0142 stanowisko dow\u00f3dcy oddzia\u0142\u00f3w ga\u015bniczych Imperium Rzymskiego. W 302 r. namiestnik Jowisza wyda\u0142 edykt, w my\u015bl kt\u00f3rego wszyscy wyznawcy katolicyzmu mieli zosta\u0107 usuni\u0119ci z pe\u0142nionych funkcji. Dokument przewidywa\u0142 tak\u017ce dotkliwe kary dla ludzi obstaj\u0105cych przy swojej wierze. Natomiast mogli oni zyska\u0107 spok\u00f3j, a tak\u017ce liczne wzgl\u0119dy, je\u015bli przy\u0142\u0105czyli si\u0119 do oddawania czci poga\u0144skim b\u00f3stwom. \u015awi\u0119ty Florian by\u0142 jednym z tych niez\u0142omnych, prezentuj\u0105cych szlachetn\u0105 i czcigodn\u0105 postaw\u0119.<\/p>\n","protected":false},"excerpt":{"rendered":"<p>\u00a0\u00a0\u00a0\u00a0\u00a0\u00a0\u00a0\u00a0\u00a0\u00a0\u00a0\u00a0\u00a0\u00a0 \u015awi\u0119ty Florian\u00a0by\u0142 urz\u0119dnikiem cesarskim w prowincji rzymskiej Noricum (dzisiaj \u015brodkowa Austria), kt\u00f3ry poni\u00f3s\u0142 \u015bmier\u0107 m\u0119cze\u0144sk\u0105 w 304 r., najprawdopodobniej 4 maja. \u015awi\u0119ty Florian znany jest g\u0142\u00f3wnie jako patron stra\u017cak\u00f3w. Dnia 4 maja, kiedy to przypada jego wspomnienie, w ko\u015bcio\u0142ach odbywaj\u0105 si\u0119 barwne msze, kt\u00f3re cz\u0119sto swoj\u0105 obecno\u015bci\u0105 u\u015bwietniaj\u0105 orkiestry d\u0119te oraz hufce ludzi walcz\u0105cych<a class=\"moretag\" href=\"https:\/\/florian-pleszew.pl\/?page_id=29\"><span class=\"screen-reader-text\">Wi\u0119cej oO Patronie<\/span>[&#8230;]<\/a><\/p>\n","protected":false},"author":1,"featured_media":0,"parent":0,"menu_order":0,"comment_status":"closed","ping_status":"closed","template":"","meta":{"footnotes":""},"class_list":["post-29","page","type-page","status-publish","hentry"],"_links":{"self":[{"href":"https:\/\/florian-pleszew.pl\/index.php?rest_route=\/wp\/v2\/pages\/29","targetHints":{"allow":["GET"]}}],"collection":[{"href":"https:\/\/florian-pleszew.pl\/index.php?rest_route=\/wp\/v2\/pages"}],"about":[{"href":"https:\/\/florian-pleszew.pl\/index.php?rest_route=\/wp\/v2\/types\/page"}],"author":[{"embeddable":true,"href":"https:\/\/florian-pleszew.pl\/index.php?rest_route=\/wp\/v2\/users\/1"}],"replies":[{"embeddable":true,"href":"https:\/\/florian-pleszew.pl\/index.php?rest_route=%2Fwp%2Fv2%2Fcomments&post=29"}],"version-history":[{"count":5,"href":"https:\/\/florian-pleszew.pl\/index.php?rest_route=\/wp\/v2\/pages\/29\/revisions"}],"predecessor-version":[{"id":154,"href":"https:\/\/florian-pleszew.pl\/index.php?rest_route=\/wp\/v2\/pages\/29\/revisions\/154"}],"wp:attachment":[{"href":"https:\/\/florian-pleszew.pl\/index.php?rest_route=%2Fwp%2Fv2%2Fmedia&parent=29"}],"curies":[{"name":"wp","href":"https:\/\/api.w.org\/{rel}","templated":true}]}}